{"id":65778,"date":"2025-07-22T12:43:06","date_gmt":"2025-07-22T15:43:06","guid":{"rendered":"https:\/\/hospitalarias.org\/organization\/"},"modified":"2025-10-24T06:48:50","modified_gmt":"2025-10-24T09:48:50","slug":"organization","status":"publish","type":"page","link":"https:\/\/hospitalarias.org\/en\/organization\/","title":{"rendered":"Organization"},"content":{"rendered":"\t\t<div data-elementor-type=\"wp-page\" data-elementor-id=\"65778\" class=\"elementor elementor-65778 elementor-1153\" data-elementor-post-type=\"page\">\n\t\t\t\t<div class=\"elementor-element elementor-element-3693528 e-con-full e-flex e-con e-parent\" data-id=\"3693528\" data-element_type=\"container\" data-e-type=\"container\" data-settings=\"{&quot;background_background&quot;:&quot;classic&quot;}\">\n\t\t\t\t<div class=\"elementor-element elementor-element-131f700 elementor-widget elementor-widget-n-carousel\" data-id=\"131f700\" data-element_type=\"widget\" data-e-type=\"widget\" data-settings=\"{&quot;carousel_items&quot;:[{&quot;slide_title&quot;:&quot;Slide #1&quot;,&quot;_id&quot;:&quot;64b8f32&quot;}],&quot;slides_to_show&quot;:&quot;1&quot;,&quot;slides_to_scroll&quot;:&quot;1&quot;,&quot;image_spacing_custom&quot;:{&quot;unit&quot;:&quot;px&quot;,&quot;size&quot;:0,&quot;sizes&quot;:[]},&quot;slides_to_show_tablet&quot;:&quot;1&quot;,&quot;slides_to_show_mobile&quot;:&quot;1&quot;,&quot;autoplay&quot;:&quot;yes&quot;,&quot;autoplay_speed&quot;:5000,&quot;infinite&quot;:&quot;yes&quot;,&quot;speed&quot;:500,&quot;offset_sides&quot;:&quot;none&quot;,&quot;image_spacing_custom_tablet&quot;:{&quot;unit&quot;:&quot;px&quot;,&quot;size&quot;:&quot;&quot;,&quot;sizes&quot;:[]},&quot;image_spacing_custom_mobile&quot;:{&quot;unit&quot;:&quot;px&quot;,&quot;size&quot;:&quot;&quot;,&quot;sizes&quot;:[]}}\" data-widget_type=\"nested-carousel.default\">\n\t\t\t\t<div class=\"elementor-widget-container\">\n\t\t\t\t\t\t\t<div class=\"e-n-carousel swiper\" role=\"region\" aria-roledescription=\"carousel\" aria-label=\"Carousel\" dir=\"ltr\">\n\t\t\t<div class=\"swiper-wrapper\" aria-live=\"off\">\n\t\t\t\t\t\t\t\t\t\t<div class=\"swiper-slide\" data-slide=\"1\" role=\"group\" aria-roledescription=\"slide\" aria-label=\"1 of 1\">\n\t\t\t\t\t\t\t<div class=\"elementor-element elementor-element-ffb4667 e-con-full e-flex e-con e-child\" data-id=\"ffb4667\" data-element_type=\"container\" data-e-type=\"container\" data-settings=\"{&quot;background_background&quot;:&quot;classic&quot;}\">\n\t\t\t\t<div class=\"elementor-element elementor-element-b11911d elementor-invisible elementor-widget elementor-widget-heading\" data-id=\"b11911d\" data-element_type=\"widget\" data-e-type=\"widget\" data-settings=\"{&quot;_animation&quot;:&quot;fadeInLeft&quot;}\" data-widget_type=\"heading.default\">\n\t\t\t\t<div class=\"elementor-widget-container\">\n\t\t\t\t\t<h2 class=\"elementor-heading-title elementor-size-default\">Organization<\/h2>\t\t\t\t<\/div>\n\t\t\t\t<\/div>\n\t\t\t\t<\/div>\n\t\t\t\t\t\t\t\t<\/div>\n\t\t\t\t\t\t\t\t<\/div>\n\t\t<\/div>\n\t\t\t\t\t\t<\/div>\n\t\t\t\t<\/div>\n\t\t\t\t<\/div>\n\t\t<div class=\"elementor-element elementor-element-4928764 e-flex e-con-boxed e-con e-parent\" data-id=\"4928764\" data-element_type=\"container\" data-e-type=\"container\">\n\t\t\t\t\t<div class=\"e-con-inner\">\n\t\t\t\t<div class=\"elementor-element elementor-element-7d62bb1 elementor-invisible elementor-widget elementor-widget-heading\" data-id=\"7d62bb1\" data-element_type=\"widget\" data-e-type=\"widget\" data-settings=\"{&quot;_animation&quot;:&quot;fadeInLeft&quot;}\" data-widget_type=\"heading.default\">\n\t\t\t\t<div class=\"elementor-widget-container\">\n\t\t\t\t\t<h2 class=\"elementor-heading-title elementor-size-default\">General Government<\/h2>\t\t\t\t<\/div>\n\t\t\t\t<\/div>\n\t\t\t\t<div class=\"elementor-element elementor-element-45c22d2 elementor-widget elementor-widget-heading\" data-id=\"45c22d2\" data-element_type=\"widget\" data-e-type=\"widget\" data-widget_type=\"heading.default\">\n\t\t\t\t<div class=\"elementor-widget-container\">\n\t\t\t\t\t<h2 class=\"elementor-heading-title elementor-size-default\">The Congregation is made up of houses, which are organized into provinces, vice-provinces, and delegations.<br>\nThe highest authority in the Congregation is the Pope, and internally, authority is exercised ordinarily and personally by the Superior General, assisted by her Councilors, forming the General Government.<\/h2>\t\t\t\t<\/div>\n\t\t\t\t<\/div>\n\t\t\t\t<div class=\"elementor-element elementor-element-61e8345 elementor-widget elementor-widget-spacer\" data-id=\"61e8345\" data-element_type=\"widget\" data-e-type=\"widget\" data-widget_type=\"spacer.default\">\n\t\t\t\t<div class=\"elementor-widget-container\">\n\t\t\t\t\t\t\t<div class=\"elementor-spacer\">\n\t\t\t<div class=\"elementor-spacer-inner\"><\/div>\n\t\t<\/div>\n\t\t\t\t\t\t<\/div>\n\t\t\t\t<\/div>\n\t\t\t\t<div class=\"elementor-element elementor-element-6b2b92b elementor-invisible elementor-widget elementor-widget-html\" data-id=\"6b2b92b\" data-element_type=\"widget\" data-e-type=\"widget\" data-settings=\"{&quot;_animation&quot;:&quot;fadeInUp&quot;}\" data-widget_type=\"html.default\">\n\t\t\t\t<div class=\"elementor-widget-container\">\n\t\t\t\t\t<!DOCTYPE html><html lang=\"es\"><head><meta charset=\"UTF-8\" \/><title>Consejeras<\/title><style>.profile-card {\r\nfont-family: 'Roboto Condensed', sans-serif;      display: flex;\r\n      gap: 20px;\r\n      background: #f5f5f5;\r\n      border-radius: 16px;\r\n      padding: 20px;\r\n      margin-bottom: 20px;\r\n      box-shadow: 0 2px 5px rgba(0,0,0,0.1);\r\n      flex-direction: column;\r\n    }\r\n\r\n    .card-header {\r\n      display: flex;\r\n      align-items: flex-start;\r\n    }\r\n\r\n    .card-header img {\r\n      width: 300px;\r\n      height: 320px;\r\n      border-radius: 20px;\r\n      object-fit: cover;\r\n    }\r\n\r\n    .card-info {\r\n      flex: 1;\r\n      margin-left: 20px;\r\n    }\r\n\r\n    .card-info h2 {\r\n      color: #a10068;\r\n      margin: 0;\r\n      font-size: 20px;\r\n    }\r\n\r\n    .card-info em {\r\n      display: block;\r\n      font-size: 16px;\r\n      margin-top: 4px;\r\n      color: #444;\r\n    }\r\n\r\n    .card-info p {\r\n      margin: 8px 0 0;\r\n      color: #333;\r\n    }\r\n\r\n.card-extra {\r\n  margin-left: 0;\r\n  margin-top: 15px;\r\n  color: #333;\r\n  box-sizing: border-box;\r\n  clear: both;\r\n}\r\n\r\n@media (max-width: 768px) {\r\n  .card-header {\r\n    flex-direction: column;\r\n    align-items: center;\r\n    text-align: center;\r\n  }\r\n\r\n  .card-header img {\r\n    width: 100%;\r\n    height: 300px;\r\n    border-radius: 16px;\r\n  }\r\n\r\n  .card-info {\r\n    margin-left: 0;\r\n    margin-top: 10px;\r\n  }\r\n\r\n  .card-info h2 {\r\n    font-size: 18px;\r\n  }\r\n\r\n  .card-info em {\r\n    font-size: 14px;\r\n  }\r\n\r\n  .card-info p {\r\n    font-size: 14px;\r\n  }\r\n\r\n  .card-extra {\r\n    margin-left: 0;\r\n    max-width: 100%;\r\n  }\r\n}\r\n\r\n@media (min-width: 501px) and (max-width: 1024px) {\r\n  .card-header img {\r\n    width: 100%;\r\n    height: 450px; \/* Ajusta la altura aqu\u00ed *\/\r\n    object-fit: cover;\r\n  }\r\n}\r\n\r\n\r\n\r\n  <\/style><\/head><body><div class=\"profile-card\"><div class=\"card-header\"><img decoding=\"async\" src=\"https:\/\/hospitalarias.org\/wp-content\/uploads\/2025\/09\/Foto-Sor-Idilia-scaled.jpg\" alt=\"Id\u00edlia\"><div class=\"card-info\"><h2>Id\u00edlia Maria Moreira G. Carneiro<\/h2><em>Superior General<\/em><p>She was born in Mozambique in 1966 and joined the Congregation in 1984. She holds a degree in Social Work from the Higher Institute of Social and Political Sciences in Lisbon (1988\u20131993). She earned a Master's in Spirituality and Health Ethics (1997\u20132000) and completed postgraduate studies in Human Resources Management (2004).\r\n\r\n        <br\/>      \r\n      <\/p><!-- \ud83d\udc47 card-extra se mueve ac\u00e1 adentro --><div class=\"card-extra\"><p>Her hospital experience has focused on management, mission support, and the animation of the Province and Communities.<\/p><ul><li>From 1997 to 2000, she served as Executive Director of the Bom Jesus Health Center in Braga.<\/li><li>From 2000 to 2006, she was the Second Provincial Councilor, responsible for animating the hospital mission.<\/li><li>From 2006 to 2012, she served as Provincial Superior.<\/li><li>From 2012 to 2018, she was Superior of the Community of Idanha.<\/li><li>From 2018 to 2024, she served as Provincial Vicar, coordinating the Province\u2019s Centers and the area of the Hospital Mission. <\/li><\/ul><\/div><\/div><\/div><\/div><div class=\"profile-card\"><div class=\"card-header\"><img decoding=\"async\" src=\"https:\/\/hospitalarias.org\/wp-content\/uploads\/2025\/07\/27561af069b357f2ad97172fd0232859c65fdf0e.png\" alt=\"Carmen\"><div class=\"card-info\"><h2>Mar\u00eda Bego\u00f1a Perez Mart\u00ednez<\/h2><em>Second General Councilor<\/em><p>Born in San Llorente de la Vega (Burgos, Spain).<br\/><div class=\"card-extra\"><p>She studied nursing in England and Pedagogy for Vocational Formation in Rome. She has served as Secretary and General Councilor, and was most recently the Provincial Superior of the Province of England, which includes missions in Ghana and Liberia.<\/p><p>She was elected Fourth General Councilor in June 2018.<br\/> Elected Vicar and First General Councilor at the 2024 General Chapter.<\/p><\/div><\/div><\/div><\/div><div class=\"profile-card\"><div class=\"card-header\"><img decoding=\"async\" src=\"https:\/\/hospitalarias.org\/wp-content\/uploads\/2025\/07\/dfd4b4a8cfa3c2c67975310b44becb5c57cc8299.png\" alt=\"Carmen\"><div class=\"card-info\"><h2>M\u00aa Carmen Mart\u00edn Garc\u00eda<\/h2><em>Second General Councilor<\/em><p>She was born in Burgos, Spain, and entered the Congregation in 1974.<br\/>She holds a diploma in Nursing, with a specialization in Psychiatry.<\/p><div class=\"card-extra\"><p>Her experience and service in hospital ministry include leadership as Superior of various communities, as well as serving as Provincial Superior and Second Provincial Councilor.<\/p><p>She was elected Second General Councilor at the 2024 General Chapter.<\/p><\/div><\/div><\/div><\/div><div class=\"profile-card\"><div class=\"card-header\"><img decoding=\"async\" src=\"https:\/\/hospitalarias.org\/wp-content\/uploads\/2025\/07\/b09a35439f1ff9cdab6f18804146efe4029f860a.jpg\" alt=\"Carmen\"><div class=\"card-info\"><h2>Blanca Flor Guerrero Anganoy<\/h2><em>Third General Councilor<\/em><p>Born in Pasto (Colombia).<\/p><div class=\"card-extra\"><p>he studied Religious Studies in Colombia and Pedagogy for Vocational Formation in Rome. She also holds a specialization in Health Administration. She has served as Provincial Councilor and Provincial Secretary of the Latin American Province.<\/p> \r\n          <p>She was elected Third General Councilor in June 2018 and again at the 2024 General Chapter.<\/p><\/div><\/div><\/div><\/div><div class=\"profile-card\"><div class=\"card-header\"><img decoding=\"async\" src=\"https:\/\/hospitalarias.org\/wp-content\/uploads\/2025\/07\/b24c5e1676264c28a9119259e1ee2853e97e3f82.png\" alt=\"Carmen\"><div class=\"card-info\"><h2>Nicole Mayinga Muwenge <\/h2><em>Fourth General Councilor<\/em><p>Born in Kinshasa (Democratic Republic of the Congo).<\/p><div class=\"card-extra\"><p>She holds a degree in Spiritual Theology from Rome. She served as formator for postulants and junior sisters in Kinshasa (DRC).<\/p><p>She was appointed local superior in Ouagadougou (Burkina Faso) before being assigned the same role in Korbongou (Togo) in 2021.<\/p><p>She was elected Fourth General Councilor in May 2024.<\/p><\/div><\/div><\/div><\/div><div class=\"profile-card\"><div class=\"card-header\"><img decoding=\"async\" src=\"https:\/\/hospitalarias.org\/wp-content\/uploads\/2025\/07\/e981b341abe58048d6d06f316017eeb645db0d51.jpg\" alt=\"Carmen\"><div class=\"card-info\"><h2>Maria Ant\u00f3nia Moreira Guerra<\/h2><em>General Treasurer<\/em><p>Born in Batalha (Portugal).<\/p><div class=\"card-extra\"><p> She holds a degree in Business Organization and Management (ISCTE-Lisbon) and an integrated Master's in Theology (UCP-Lisbon).<\/p><p> She has primarily served in hospital ministry in the administrative area of health centers in Portugal and as Provincial Treasurer of the same Province for 12 years.<\/p><p>Appointed General Treasurer in April 2021.<\/p><\/div><\/div><\/div><\/div><div class=\"profile-card\"><div class=\"card-header\"><img decoding=\"async\" src=\"https:\/\/hospitalarias.org\/wp-content\/uploads\/2025\/07\/a8c9773f9c299329eba25190af89daa309be9293.jpg\" alt=\"Carmen\"><div class=\"card-info\"><h2>Maria Cristina Hern\u00e1ndez Rodr\u00edguez<\/h2><em>General Secretary<\/em><p>Born in Zamora (Spain). She holds diplomas in Teaching and Nursing. She entered the Congregation in 1983.<\/p><div class=\"card-extra\"><p>She has exercised hospitality as Director of Nursing at the local level, Juniorate Formator, Second Councilor, and Provincial Secretary in Spain.<\/p><p>Appointed General Secretary in December 2024.<\/p><\/div><\/div><\/div><\/div><\/body><\/html>\t\t\t\t<\/div>\n\t\t\t\t<\/div>\n\t\t\t\t\t<\/div>\n\t\t\t\t<\/div>\n\t\t<div class=\"elementor-element elementor-element-c1b92cc e-flex e-con-boxed e-con e-parent\" data-id=\"c1b92cc\" data-element_type=\"container\" data-e-type=\"container\" data-settings=\"{&quot;background_background&quot;:&quot;classic&quot;}\">\n\t\t\t\t\t<div class=\"e-con-inner\">\n\t\t\t\t<div class=\"elementor-element elementor-element-c2c8b30 elementor-widget elementor-widget-heading\" data-id=\"c2c8b30\" data-element_type=\"widget\" data-e-type=\"widget\" data-widget_type=\"heading.default\">\n\t\t\t\t<div class=\"elementor-widget-container\">\n\t\t\t\t\t<h2 class=\"elementor-heading-title elementor-size-default\">Structure of the congregation in the world<\/h2>\t\t\t\t<\/div>\n\t\t\t\t<\/div>\n\t\t\t\t<div class=\"elementor-element elementor-element-e7eade2 elementor-widget elementor-widget-heading\" data-id=\"e7eade2\" data-element_type=\"widget\" data-e-type=\"widget\" data-widget_type=\"heading.default\">\n\t\t\t\t<div class=\"elementor-widget-container\">\n\t\t\t\t\t<h3 class=\"elementor-heading-title elementor-size-default\">Provinces, Vice-province and Delegations<\/h3>\t\t\t\t<\/div>\n\t\t\t\t<\/div>\n\t\t\t\t<div class=\"elementor-element elementor-element-d145e09 elementor-widget elementor-widget-html\" data-id=\"d145e09\" data-element_type=\"widget\" data-e-type=\"widget\" data-widget_type=\"html.default\">\n\t\t\t\t<div class=\"elementor-widget-container\">\n\t\t\t\t\t<!DOCTYPE html><html lang=\"es\"><head><meta charset=\"UTF-8\"><meta name=\"viewport\" content=\"width=device-width, initial-scale=1.0\"><title>Grid de Cards<\/title><link href=\"https:\/\/fonts.googleapis.com\/css2?family=Roboto+Condensed:wght@400;700&display=swap\" rel=\"stylesheet\"><style>.container {\r\n    max-width: 100%;\r\n    margin: 0 auto;\r\n    padding: 0 15px;\r\n}\r\n\r\n.grid {\r\n    display: grid;\r\n    grid-template-columns: repeat(4, 1fr);\r\n    gap: 15px;\r\n    margin-top: 20px;\r\n}\r\n\r\n.card {\r\n    background: #9d266c;\r\n    border-radius: 28px;\r\n    padding: 20px;\r\n    text-align: center;\r\n    cursor: pointer;\r\n    transition: all 0.3s ease;\r\n    min-height: 340px;\r\n    display: flex;\r\n    flex-direction: column;\r\n    justify-content: center;\r\n    align-items: center;\r\n    overflow: hidden;\r\n    position: relative;\r\n}\r\n\r\n.card:hover {\r\n    background: white;\r\n    transform: translateY(-3px);\r\n    box-shadow: 0 5px 15px rgba(0, 0, 0, 0.2);\r\n}\r\n\r\n.card-content {\r\n    transition: all 0.3s ease;\r\n    width: 100%;\r\n}\r\n\r\n.card:hover .card-content {\r\n    display: none;\r\n}\r\n\r\n.card-hover {\r\n    display: none;\r\n    opacity: 0;\r\n    transition: opacity 0.4s ease;\r\n    color: black;\r\n    font-size: 16px;\r\n    text-align: center;\r\n    width: 100%;\r\n    line-height: 1.4;\r\n}\r\n\r\n.card:hover .card-hover {\r\n    display: block;\r\n    opacity: 1;\r\n}\r\n\r\n.card-title {\r\n    color: #78CDD1;\r\n    font-family: 'Roboto Condensed', sans-serif;\r\n    font-weight: 700;\r\n    font-size: 27px;\r\n    text-align: center;\r\n    margin-top: 10px;\r\n}\r\n\r\n.image-placeholder {\r\n    width: 80px;\r\n    height: 80px;\r\n    margin: 0 auto 15px;\r\n    background: white;\r\n    border-radius: 10px;\r\n    display: flex;\r\n    align-items: center;\r\n    justify-content: center;\r\n    font-size: 24px;\r\n    color: #8C0052;\r\n}\r\n\r\n\/* Responsive *\/\r\n@media (max-width: 1024px) {\r\n    .grid {\r\n        grid-template-columns: repeat(3, 1fr);\r\n    }\r\n}\r\n\r\n@media (max-width: 768px) {\r\n    .grid {\r\n        grid-template-columns: repeat(2, 1fr);\r\n    }\r\n\r\n    .card-hover {\r\n        font-size: 14px;\r\n    }\r\n\r\n    .card-title {\r\n        font-size: 22px;\r\n    }\r\n}\r\n\r\n@media (max-width: 480px) {\r\n    .grid {\r\n        grid-template-columns: 1fr;\r\n    }\r\n\r\n    .card-hover {\r\n        font-size: 13px;\r\n    }\r\n\r\n    .card-title {\r\n        font-size: 20px;\r\n    }\r\n}\r\n<\/style><\/head><body><div class=\"container\"><div class=\"grid\"><!-- Card 1 --><div class=\"card\"><div class=\"card-content\"><img decoding=\"async\" src=\"https:\/\/hospitalarias.org\/wp-content\/uploads\/2025\/07\/Spain.png\" alt=\"Spain\" style=\"width: 100%; height: 100px; object-fit: contain; border-radius: 10px;\">                    <div class=\"card-title\">Province of Spain <\/div><\/div><div class=\"card-hover\"><p>Includes the following countries:\r\n<b>Spain and Equatorial Guinea.<\/b><br\/>Address: C\/ Vaquer\u00edas 7. 28007 \u2013 Madrid <br\/><b>www.hospitalarias.es<\/b><\/p><\/div><\/div><!-- Card 2 --><div class=\"card\"><div class=\"card-content\"><img decoding=\"async\" src=\"https:\/\/hospitalarias.org\/wp-content\/uploads\/2025\/07\/Portugal.png\" alt=\"Spain\" style=\"width: 100%; height: 100px; object-fit: contain; border-radius: 10px;\">                    <div class=\"card-title\">Province of Portugal<\/div><\/div><div class=\"card-hover\"><p>Includes the following countries:\r\n<b>Portugal, Mozambique and Angola.<\/b><br\/> Address:\r\nRua Professor Luis da Cunha Gon\u00e7alves n\u00ba 3, 1\u00ba Esquerdo\r\n1600 \u2013 826 Lisboa (Portugal)<br\/><b>www.irmashospitalieras.pt<\/b><br\/><\/p><\/div><\/div><!-- Card 3 --><div class=\"card\"><div class=\"card-content\"><img decoding=\"async\" src=\"https:\/\/hospitalarias.org\/wp-content\/uploads\/2025\/07\/Vector-2.png\" alt=\"Spain\" style=\"width: 100%; height: 100px; object-fit: contain; border-radius: 10px;\">                    <div class=\"card-title\">Province of France<\/div><\/div><div class=\"card-hover\"><p>Includes the following countries:<br\/><b>France, Democratic Republic of the Congo, Camerun, Togo and Burkina Faso.<\/b> <br\/>Address:\r\n58, Rue Desnouettes 75015 Paris (France)<br\/><b>www.hospitalieres.org<\/b><\/p><\/div><\/div><!-- Card 4 --><div class=\"card\"><div class=\"card-content\"><img decoding=\"async\" src=\"https:\/\/hospitalarias.org\/wp-content\/uploads\/2025\/07\/South-America.png\" alt=\"Spain\" style=\"width: 100%; height: 100px; object-fit: contain; border-radius: 10px;\">                    <div class=\"card-title\">Province of Latin America<\/div><\/div><div class=\"card-hover\"><p>Includes the following countries:<br\/><b>Colombia, Ecuador, Argentina, Bolivia, Chile, Uruguay and Brazil.<\/b> <br\/>Address: Avda. Manuel C\u00f3rdoba Galarza, Km.4\r\n170302- Quito (Ecuador)\r\n<br\/><b>www.hospitalariasamerica.org<\/b><br\/><\/p><\/div><\/div><!-- Card 5 --><div class=\"card\"><div class=\"card-content\"><img decoding=\"async\" src=\"https:\/\/hospitalarias.org\/wp-content\/uploads\/2025\/07\/Italy.png\" alt=\"Spain\" style=\"width: 100%; height: 100px; object-fit: contain; border-radius: 10px;\">                    <div class=\"card-title\">Delegation of Italy<\/div><\/div><div class=\"card-hover\"><p>\r\n<b>Italy<\/b><br\/> Address:\r\nVia Urbisaglia 3 \u2013 A<br\/>00183 \u2013 Rome (Italy)<br\/><b>www.ospedaliere.it<\/b> <br\/><\/p><\/div><\/div><!-- Card 6 --><div class=\"card\"><div class=\"card-content\"><img decoding=\"async\" src=\"https:\/\/hospitalarias.org\/wp-content\/uploads\/2025\/07\/Vietnam.png\" alt=\"Spain\" style=\"width: 100%; height: 100px; object-fit: contain; border-radius: 10px;\">                    <div class=\"card-title\">Vice-Province of Vietnam<\/div><\/div><div class=\"card-hover\"><p>\r\n<b>Vietnam<\/b><br\/>Address: Dong Nu Tro The Thanh Tam Chua Giesu\r\n296 khu 3, to 9, ap Dong Hai, xa Tan HaiTx. Phu My, tinh Ba Ria \u2013 Vung Tau (Vietnam)<br\/><b>secretaria.hscvn@gmail.com<\/b><\/p><\/div><\/div><!-- Card 7 --><div class=\"card\"><div class=\"card-content\"><img decoding=\"async\" src=\"https:\/\/hospitalarias.org\/wp-content\/uploads\/2025\/07\/United_Kingdom.png\" alt=\"Spain\" style=\"width: 100%; height: 100px; object-fit: contain; border-radius: 10px;\">                    <div class=\"card-title\">Delegation of England<\/div><\/div><div class=\"card-hover\"><p>Includes the following countries: <br\/><b>Great Britain, Ghana and Liberia.<\/b><br\/> Address:\r\n42, Rolands Gardens \u2013 London SW7 3PW (England)<br\/><b>www.hospitallers-uk.org<\/b><\/p><\/div><\/div><!-- Card 8 --><div class=\"card\"><div class=\"card-content\"><img decoding=\"async\" src=\"https:\/\/hospitalarias.org\/wp-content\/uploads\/2025\/07\/Vector-3.png\" alt=\"Spain\" style=\"width: 100%; height: 100px; object-fit: contain; border-radius: 10px;\">                    <div class=\"card-title\">Delegation of Philippines<\/div><\/div><div class=\"card-hover\"><p>(Dependent on the General Government)<br\/>Includes the following countries:<br\/><b>Philippines and India.<\/b><br\/><b>secretary.ph@hospitaliers-ph.org<\/b><\/p><\/div><\/div><\/div><\/div><script>\/\/ Enhanced hover effects\r\n        document.addEventListener('DOMContentLoaded', function() {\r\n            const cards = document.querySelectorAll('.card');\r\n            \r\n            cards.forEach(card => {\r\n                card.addEventListener('mouseenter', function() {\r\n                    this.style.transform = 'translateY(-3px)';\r\n                });\r\n                \r\n                card.addEventListener('mouseleave', function() {\r\n                    this.style.transform = 'translateY(0)';\r\n                });\r\n            });\r\n        });\r\n    <\/script><\/body><\/html>\t\t\t\t<\/div>\n\t\t\t\t<\/div>\n\t\t\t\t\t<\/div>\n\t\t\t\t<\/div>\n\t\t<div class=\"elementor-element elementor-element-e2c51ee e-flex e-con-boxed e-con e-parent\" data-id=\"e2c51ee\" data-element_type=\"container\" data-e-type=\"container\" data-settings=\"{&quot;background_background&quot;:&quot;classic&quot;}\">\n\t\t\t\t\t<div class=\"e-con-inner\">\n\t\t\t\t\t<\/div>\n\t\t\t\t<\/div>\n\t\t\t\t<\/div>\n\t\t","protected":false},"excerpt":{"rendered":"<p>Organization Organization General Government The Congregation is made up of houses, which are organized into provinces, vice-provinces, and delegations. The highest authority in the Congregation is the Pope, and internally, authority is exercised ordinarily and personally by the Superior General, assisted by her Councilors, forming the General Government. Consejeras Id\u00edlia Maria Moreira G. Carneiro Superior [&hellip;]<\/p>\n","protected":false},"author":1,"featured_media":0,"parent":0,"menu_order":0,"comment_status":"closed","ping_status":"closed","template":"elementor_header_footer","meta":{"_acf_changed":false,"footnotes":""},"class_list":["post-65778","page","type-page","status-publish","hentry"],"acf":[],"yoast_head":"<!-- This site is optimized with the Yoast SEO plugin v27.4 - https:\/\/yoast.com\/product\/yoast-seo-wordpress\/ -->\n<title>Organization - Hermanas Hospitalarias<\/title>\n<meta name=\"description\" content=\"Our organization: The Congregation is made up of houses, integrated into Provinces, vice-provinces, and delegations. The highest authority in the Congregation is the Pope, and internally, authority is exercised, on an ordinary and personal basis, by the Superior General, assisted by her Councilors, who form the General Government.\" \/>\n<meta name=\"robots\" content=\"index, follow, max-snippet:-1, max-image-preview:large, max-video-preview:-1\" \/>\n<link rel=\"canonical\" href=\"https:\/\/hospitalarias.org\/en\/organization\/\" \/>\n<meta property=\"og:locale\" content=\"en_US\" \/>\n<meta property=\"og:type\" content=\"article\" \/>\n<meta property=\"og:title\" content=\"Organization - Hermanas Hospitalarias\" \/>\n<meta property=\"og:description\" content=\"Our organization: The Congregation is made up of houses, integrated into Provinces, vice-provinces, and delegations. The highest authority in the Congregation is the Pope, and internally, authority is exercised, on an ordinary and personal basis, by the Superior General, assisted by her Councilors, who form the General Government.\" \/>\n<meta property=\"og:url\" content=\"https:\/\/hospitalarias.org\/en\/organization\/\" \/>\n<meta property=\"og:site_name\" content=\"Hermanas Hospitalarias\" \/>\n<meta property=\"article:modified_time\" content=\"2025-10-24T09:48:50+00:00\" \/>\n<meta property=\"og:image\" content=\"https:\/\/hospitalarias.org\/wp-content\/uploads\/2025\/09\/Foto-Sor-Idilia-scaled.jpg\" \/>\n<meta name=\"twitter:card\" content=\"summary_large_image\" \/>\n<meta name=\"twitter:label1\" content=\"Est. reading time\" \/>\n\t<meta name=\"twitter:data1\" content=\"7 minutes\" \/>\n<script type=\"application\/ld+json\" class=\"yoast-schema-graph\">{\"@context\":\"https:\\\/\\\/schema.org\",\"@graph\":[{\"@type\":\"WebPage\",\"@id\":\"https:\\\/\\\/hospitalarias.org\\\/en\\\/organization\\\/\",\"url\":\"https:\\\/\\\/hospitalarias.org\\\/en\\\/organization\\\/\",\"name\":\"Organization - Hermanas Hospitalarias\",\"isPartOf\":{\"@id\":\"https:\\\/\\\/hospitalarias.org\\\/#website\"},\"primaryImageOfPage\":{\"@id\":\"https:\\\/\\\/hospitalarias.org\\\/en\\\/organization\\\/#primaryimage\"},\"image\":{\"@id\":\"https:\\\/\\\/hospitalarias.org\\\/en\\\/organization\\\/#primaryimage\"},\"thumbnailUrl\":\"https:\\\/\\\/hospitalarias.org\\\/wp-content\\\/uploads\\\/2025\\\/09\\\/Foto-Sor-Idilia-scaled.jpg\",\"datePublished\":\"2025-07-22T15:43:06+00:00\",\"dateModified\":\"2025-10-24T09:48:50+00:00\",\"description\":\"Our organization: The Congregation is made up of houses, integrated into Provinces, vice-provinces, and delegations. The highest authority in the Congregation is the Pope, and internally, authority is exercised, on an ordinary and personal basis, by the Superior General, assisted by her Councilors, who form the General Government.\",\"breadcrumb\":{\"@id\":\"https:\\\/\\\/hospitalarias.org\\\/en\\\/organization\\\/#breadcrumb\"},\"inLanguage\":\"en-US\",\"potentialAction\":[{\"@type\":\"ReadAction\",\"target\":[\"https:\\\/\\\/hospitalarias.org\\\/en\\\/organization\\\/\"]}]},{\"@type\":\"ImageObject\",\"inLanguage\":\"en-US\",\"@id\":\"https:\\\/\\\/hospitalarias.org\\\/en\\\/organization\\\/#primaryimage\",\"url\":\"https:\\\/\\\/hospitalarias.org\\\/wp-content\\\/uploads\\\/2025\\\/09\\\/Foto-Sor-Idilia-scaled.jpg\",\"contentUrl\":\"https:\\\/\\\/hospitalarias.org\\\/wp-content\\\/uploads\\\/2025\\\/09\\\/Foto-Sor-Idilia-scaled.jpg\"},{\"@type\":\"BreadcrumbList\",\"@id\":\"https:\\\/\\\/hospitalarias.org\\\/en\\\/organization\\\/#breadcrumb\",\"itemListElement\":[{\"@type\":\"ListItem\",\"position\":1,\"name\":\"Inicio\",\"item\":\"https:\\\/\\\/hospitalarias.org\\\/en\\\/\"},{\"@type\":\"ListItem\",\"position\":2,\"name\":\"Organization\"}]},{\"@type\":\"WebSite\",\"@id\":\"https:\\\/\\\/hospitalarias.org\\\/#website\",\"url\":\"https:\\\/\\\/hospitalarias.org\\\/\",\"name\":\"Hermanas Hospitalarias\",\"description\":\"\",\"publisher\":{\"@id\":\"https:\\\/\\\/hospitalarias.org\\\/#organization\"},\"potentialAction\":[{\"@type\":\"SearchAction\",\"target\":{\"@type\":\"EntryPoint\",\"urlTemplate\":\"https:\\\/\\\/hospitalarias.org\\\/?s={search_term_string}\"},\"query-input\":{\"@type\":\"PropertyValueSpecification\",\"valueRequired\":true,\"valueName\":\"search_term_string\"}}],\"inLanguage\":\"en-US\"},{\"@type\":\"Organization\",\"@id\":\"https:\\\/\\\/hospitalarias.org\\\/#organization\",\"name\":\"Hermanas Hospitalarias\",\"url\":\"https:\\\/\\\/hospitalarias.org\\\/\",\"logo\":{\"@type\":\"ImageObject\",\"inLanguage\":\"en-US\",\"@id\":\"https:\\\/\\\/hospitalarias.org\\\/#\\\/schema\\\/logo\\\/image\\\/\",\"url\":\"https:\\\/\\\/hospitalarias.org\\\/wp-content\\\/uploads\\\/2025\\\/06\\\/logo-es-1.svg\",\"contentUrl\":\"https:\\\/\\\/hospitalarias.org\\\/wp-content\\\/uploads\\\/2025\\\/06\\\/logo-es-1.svg\",\"caption\":\"Hermanas Hospitalarias\"},\"image\":{\"@id\":\"https:\\\/\\\/hospitalarias.org\\\/#\\\/schema\\\/logo\\\/image\\\/\"}}]}<\/script>\n<!-- \/ Yoast SEO plugin. -->","yoast_head_json":{"title":"Organization - Hermanas Hospitalarias","description":"Our organization: The Congregation is made up of houses, integrated into Provinces, vice-provinces, and delegations. The highest authority in the Congregation is the Pope, and internally, authority is exercised, on an ordinary and personal basis, by the Superior General, assisted by her Councilors, who form the General Government.","robots":{"index":"index","follow":"follow","max-snippet":"max-snippet:-1","max-image-preview":"max-image-preview:large","max-video-preview":"max-video-preview:-1"},"canonical":"https:\/\/hospitalarias.org\/en\/organization\/","og_locale":"en_US","og_type":"article","og_title":"Organization - Hermanas Hospitalarias","og_description":"Our organization: The Congregation is made up of houses, integrated into Provinces, vice-provinces, and delegations. The highest authority in the Congregation is the Pope, and internally, authority is exercised, on an ordinary and personal basis, by the Superior General, assisted by her Councilors, who form the General Government.","og_url":"https:\/\/hospitalarias.org\/en\/organization\/","og_site_name":"Hermanas Hospitalarias","article_modified_time":"2025-10-24T09:48:50+00:00","og_image":[{"url":"https:\/\/hospitalarias.org\/wp-content\/uploads\/2025\/09\/Foto-Sor-Idilia-scaled.jpg","type":"","width":"","height":""}],"twitter_card":"summary_large_image","twitter_misc":{"Est. reading time":"7 minutes"},"schema":{"@context":"https:\/\/schema.org","@graph":[{"@type":"WebPage","@id":"https:\/\/hospitalarias.org\/en\/organization\/","url":"https:\/\/hospitalarias.org\/en\/organization\/","name":"Organization - Hermanas Hospitalarias","isPartOf":{"@id":"https:\/\/hospitalarias.org\/#website"},"primaryImageOfPage":{"@id":"https:\/\/hospitalarias.org\/en\/organization\/#primaryimage"},"image":{"@id":"https:\/\/hospitalarias.org\/en\/organization\/#primaryimage"},"thumbnailUrl":"https:\/\/hospitalarias.org\/wp-content\/uploads\/2025\/09\/Foto-Sor-Idilia-scaled.jpg","datePublished":"2025-07-22T15:43:06+00:00","dateModified":"2025-10-24T09:48:50+00:00","description":"Our organization: The Congregation is made up of houses, integrated into Provinces, vice-provinces, and delegations. The highest authority in the Congregation is the Pope, and internally, authority is exercised, on an ordinary and personal basis, by the Superior General, assisted by her Councilors, who form the General Government.","breadcrumb":{"@id":"https:\/\/hospitalarias.org\/en\/organization\/#breadcrumb"},"inLanguage":"en-US","potentialAction":[{"@type":"ReadAction","target":["https:\/\/hospitalarias.org\/en\/organization\/"]}]},{"@type":"ImageObject","inLanguage":"en-US","@id":"https:\/\/hospitalarias.org\/en\/organization\/#primaryimage","url":"https:\/\/hospitalarias.org\/wp-content\/uploads\/2025\/09\/Foto-Sor-Idilia-scaled.jpg","contentUrl":"https:\/\/hospitalarias.org\/wp-content\/uploads\/2025\/09\/Foto-Sor-Idilia-scaled.jpg"},{"@type":"BreadcrumbList","@id":"https:\/\/hospitalarias.org\/en\/organization\/#breadcrumb","itemListElement":[{"@type":"ListItem","position":1,"name":"Inicio","item":"https:\/\/hospitalarias.org\/en\/"},{"@type":"ListItem","position":2,"name":"Organization"}]},{"@type":"WebSite","@id":"https:\/\/hospitalarias.org\/#website","url":"https:\/\/hospitalarias.org\/","name":"Hermanas Hospitalarias","description":"","publisher":{"@id":"https:\/\/hospitalarias.org\/#organization"},"potentialAction":[{"@type":"SearchAction","target":{"@type":"EntryPoint","urlTemplate":"https:\/\/hospitalarias.org\/?s={search_term_string}"},"query-input":{"@type":"PropertyValueSpecification","valueRequired":true,"valueName":"search_term_string"}}],"inLanguage":"en-US"},{"@type":"Organization","@id":"https:\/\/hospitalarias.org\/#organization","name":"Hermanas Hospitalarias","url":"https:\/\/hospitalarias.org\/","logo":{"@type":"ImageObject","inLanguage":"en-US","@id":"https:\/\/hospitalarias.org\/#\/schema\/logo\/image\/","url":"https:\/\/hospitalarias.org\/wp-content\/uploads\/2025\/06\/logo-es-1.svg","contentUrl":"https:\/\/hospitalarias.org\/wp-content\/uploads\/2025\/06\/logo-es-1.svg","caption":"Hermanas Hospitalarias"},"image":{"@id":"https:\/\/hospitalarias.org\/#\/schema\/logo\/image\/"}}]}},"_links":{"self":[{"href":"https:\/\/hospitalarias.org\/en\/wp-json\/wp\/v2\/pages\/65778","targetHints":{"allow":["GET"]}}],"collection":[{"href":"https:\/\/hospitalarias.org\/en\/wp-json\/wp\/v2\/pages"}],"about":[{"href":"https:\/\/hospitalarias.org\/en\/wp-json\/wp\/v2\/types\/page"}],"author":[{"embeddable":true,"href":"https:\/\/hospitalarias.org\/en\/wp-json\/wp\/v2\/users\/1"}],"replies":[{"embeddable":true,"href":"https:\/\/hospitalarias.org\/en\/wp-json\/wp\/v2\/comments?post=65778"}],"version-history":[{"count":13,"href":"https:\/\/hospitalarias.org\/en\/wp-json\/wp\/v2\/pages\/65778\/revisions"}],"predecessor-version":[{"id":66072,"href":"https:\/\/hospitalarias.org\/en\/wp-json\/wp\/v2\/pages\/65778\/revisions\/66072"}],"wp:attachment":[{"href":"https:\/\/hospitalarias.org\/en\/wp-json\/wp\/v2\/media?parent=65778"}],"curies":[{"name":"wp","href":"https:\/\/api.w.org\/{rel}","templated":true}]}}